{"id":241685,"date":"2022-05-30T09:48:19","date_gmt":"2022-05-30T07:48:19","guid":{"rendered":"https:\/\/patchquantique-france.fr\/?post_type=product&#038;p=241685"},"modified":"2026-04-24T12:59:01","modified_gmt":"2026-04-24T10:59:01","slug":"parche-quantum-allevi8-pro-plus-placa-de-energia-tesla","status":"publish","type":"product","link":"https:\/\/patchquantique-france.fr\/es\/patch-quantique-allevi8-pro-plus-plaque-energie-tesla\/","title":{"rendered":"Parche cu\u00e1ntico Allevi8 Pro + placa de energ\u00eda Tesla"},"content":{"rendered":"<h2>Informaci\u00f3n sobre las placas de Nikola Tesla<\/h2>\n<h2>Para complementar el parche cu\u00e1ntico Allevi8 Pro<\/h2>\n<p>La energ\u00eda de la placa Tesla proporciona un confort armonizador que complementa perfectamente la acci\u00f3n cu\u00e1ntica del parche. En funci\u00f3n de su problema, puede utilizarla junto con el parche o simplemente colocarla cerca, en una habitaci\u00f3n en la que pase tiempo a menudo.<\/p>\n<h2>Acerca de la placa de energ\u00eda p\u00farpura de Tesla<\/h2>\n<p>Desde 1971, miles de personas utilizan la placa energ\u00e9tica de Nikola Tesla, basada en el principio de la radiaci\u00f3n energ\u00e9tica de baja frecuencia. Existen innumerables testimonios, pero entre los beneficios citados con m\u00e1s frecuencia figuran los siguientes<\/p>\n<ul>\n<li>Mejora del sue\u00f1o<\/li>\n<li>Calma general y mejora la recuperaci\u00f3n<\/li>\n<li>Combatir el estr\u00e9s<\/li>\n<li>Reduce el dolor cr\u00f3nico (tendinitis, reumatismo...)<\/li>\n<li>Reducci\u00f3n significativa de los efectos de las ondas electromagn\u00e9ticas<\/li>\n<\/ul>\n<p>Dependiendo de la energ\u00eda del individuo, las placas act\u00faan como catalizador y tambi\u00e9n pueden energizar. Tambi\u00e9n tienen efectos notables sobre el agua, las plantas y los animales. Muchos terapeutas las utilizan para calmar el dolor coloc\u00e1ndolas sobre las zonas afectadas. Tambi\u00e9n ayudan a reducir los mareos en los viajes y a mantener m\u00e1s frescos los alimentos, etc. <strong>Consejos :<\/strong>\u00a0La placa energ\u00e9tica Tesla actuar\u00e1 sobre usted en funci\u00f3n de su propia energ\u00eda, por lo que puede variar de una persona a otra. Depende de usted hacer suya la placa: ll\u00e9vela en el bolsillo o en el bolso, p\u00f3ngala en la mesilla de noche o col\u00f3quela adem\u00e1s del parche cu\u00e1ntico en la zona afectada. <strong>Efectos indeseables<\/strong> : No se conocen efectos nocivos de la placa de energ\u00eda Tesla, pero dependiendo de su energ\u00eda en ese momento, puede sentir la radiaci\u00f3n con mayor o menor intensidad. Si siente alguna molestia, aleje la placa por un momento y vuelva a intentarlo gradualmente. <strong>Importante<\/strong>\u00a0Nunca se ha demostrado cient\u00edficamente el efecto de las placas de energ\u00eda Tesla en el cuerpo humano. T\u00fa decides. Al igual que con los parches cu\u00e1nticos Allevi8 Pro, siga la regla b\u00e1sica de no interrumpir nunca un tratamiento m\u00e9dico sin el consejo de un facultativo debidamente reconocido. Estos dos productos no son en ning\u00fan caso tratamientos m\u00e9dicos y no los sustituyen en absoluto.<\/p>","protected":false},"excerpt":{"rendered":"<p><strong>La energ\u00eda cu\u00e1ntica total combo<\/strong> : los programas de parches cu\u00e1nticos Allevi8 Pro del Dr. Minsoo Kim con la famosa placa de energ\u00eda p\u00farpura de Nikola Tesla. La placa Tesla se fabrica en Francia seg\u00fan la patente (n.\u00ba 685 958)  registrada por Nikola Tesla en 1901 sobre las radiaciones de la energ\u00eda el\u00e9ctrica de baja frecuencia. En 1971, Ralph Bergstresser, ingeniero estadounidense de origen alem\u00e1n y amigo de Tesla, cre\u00f3 la \u201cplaca de energ\u00eda p\u00farpura Tesla\u201d seg\u00fan estos principios. Dimensiones de la placa de energ\u00eda Tesla: 5,5 x 8,5 cm.<\/p>\n<p><a href=\"https:\/\/patchquantique-france.fr\/es\/las-placas-purpuras-nikola-tesla\/\" target=\"_blank\" rel=\"noopener\">M\u00e1s informaci\u00f3n sobre las placas de energ\u00eda Nikola Tesla<\/a><\/p>","protected":false},"featured_media":250424,"template":"","meta":[],"product_brand":[],"product_cat":[17],"product_tag":[28,27,29,26,31,32],"class_list":{"0":"post-241685","1":"product","2":"type-product","3":"status-publish","4":"has-post-thumbnail","6":"product_cat-patch-quantique","7":"product_tag-allevi8-pro","8":"product_tag-minsoo-kim","9":"product_tag-patch-douleur","10":"product_tag-patch-quantique","11":"product_tag-plaque-energie-tesla","12":"product_tag-plaque-pourpre-tesla","14":"first","15":"instock","16":"sale","17":"shipping-taxable","18":"purchasable","19":"product-type-variable","20":"has-default-attributes"},"supplier_id":null,"supplier_sku":"","barcode":null,"atum_controlled":true,"out_stock_date":null,"out_stock_threshold":null,"inheritable":true,"inbound_stock":0,"stock_on_hold":2,"sold_today":0,"sales_last_days":1,"reserved_stock":0,"customer_returns":0,"warehouse_damage":0,"lost_in_post":0,"other_logs":0,"out_stock_days":0,"lost_sales":0,"has_location":false,"update_date":"2026-05-02T01:07:15","atum_locations":[],"atum_stock_status":"instock","restock_status":false,"low_stock_amount":"","sales_update_date":"2026-05-02T01:07:15","calc_backorders":null,"_links":{"self":[{"href":"https:\/\/patchquantique-france.fr\/es\/wp-json\/wp\/v2\/product\/241685","targetHints":{"allow":["GET"]}}],"collection":[{"href":"https:\/\/patchquantique-france.fr\/es\/wp-json\/wp\/v2\/product"}],"about":[{"href":"https:\/\/patchquantique-france.fr\/es\/wp-json\/wp\/v2\/types\/product"}],"version-history":[{"count":1,"href":"https:\/\/patchquantique-france.fr\/es\/wp-json\/wp\/v2\/product\/241685\/revisions"}],"predecessor-version":[{"id":254629,"href":"https:\/\/patchquantique-france.fr\/es\/wp-json\/wp\/v2\/product\/241685\/revisions\/254629"}],"wp:featuredmedia":[{"embeddable":true,"href":"https:\/\/patchquantique-france.fr\/es\/wp-json\/wp\/v2\/media\/250424"}],"wp:attachment":[{"href":"https:\/\/patchquantique-france.fr\/es\/wp-json\/wp\/v2\/media?parent=241685"}],"wp:term":[{"taxonomy":"product_brand","embeddable":true,"href":"https:\/\/patchquantique-france.fr\/es\/wp-json\/wp\/v2\/product_brand?post=241685"},{"taxonomy":"product_cat","embeddable":true,"href":"https:\/\/patchquantique-france.fr\/es\/wp-json\/wp\/v2\/product_cat?post=241685"},{"taxonomy":"product_tag","embeddable":true,"href":"https:\/\/patchquantique-france.fr\/es\/wp-json\/wp\/v2\/product_tag?post=241685"}],"curies":[{"name":"wp","href":"https:\/\/api.w.org\/{rel}","templated":true}]}}